{"id":342,"date":"2026-01-01T16:23:02","date_gmt":"2019-02-01T13:23:02","guid":{"rendered":"http:\/\/demo.safirtema.com\/neva\/wp-content\/uploads\/2019\/02\/kahramanmarasta-feci-kaza-ikiye-bolundu-1.jpg"},"modified":"2026-01-01T16:23:02","modified_gmt":"2026-01-01T13:23:02","slug":"kahramanmarasta-feci-kaza-ikiye-bolundu-4","status":"inherit","type":"attachment","link":"https:\/\/safirdemo.com\/neva\/kahramanmarasta-feci-kaza-ikiye-bolundu\/kahramanmarasta-feci-kaza-ikiye-bolundu-4\/","title":{"rendered":"Kahramanmara\u015f&#8217;ta feci kaza: \u0130kiye b\u00f6l\u00fcnd\u00fc!"},"author":1,"featured_media":0,"comment_status":"open","ping_status":"closed","template":"","meta":[],"class_list":["post-342","attachment","type-attachment","status-inherit","hentry"],"description":{"rendered":"<p class=\"attachment\"><a href='https:\/\/safirdemo.com\/neva\/wp-content\/uploads\/\/kahramanmarasta-feci-kaza-ikiye-bolundu-1.jpg'><img loading=\"lazy\" decoding=\"async\" width=\"300\" height=\"188\" src=\"https:\/\/safirdemo.com\/neva\/wp-content\/uploads\/\/kahramanmarasta-feci-kaza-ikiye-bolundu-1-300x188.jpg\" class=\"attachment-medium size-medium\" alt=\"\" srcset=\"https:\/\/safirdemo.com\/neva\/wp-content\/uploads\/\/kahramanmarasta-feci-kaza-ikiye-bolundu-1-300x188.jpg 300w, https:\/\/safirdemo.com\/neva\/wp-content\/uploads\/\/kahramanmarasta-feci-kaza-ikiye-bolundu-1.jpg 590w\" sizes=\"auto, (max-width: 300px) 100vw, 300px\" \/><\/a><\/p>\n<p>Kahramanmara\u015f-Adana karayolunda meydan gelen korkun\u00e7 kazada; edinilen bilgiye g\u00f6re kent merkezinden Adana istikametine seyir halindeki Mehmet K. (46) idaresindeki 46 TP 259 plakal\u0131 otomobil, ya\u011f\u0131\u015f nedeniyle kayganla\u015fan yolda direksiyon hakimiyetini kaybederek \u00f6nce ref\u00fcje sonra, ayd\u0131nlatma dire\u011fine \u00e7arpt\u0131.<\/p>\n"},"caption":{"rendered":"<p>Kahramanmara\u015f-Adana karayolunda meydan gelen korkun\u00e7 kazada; edinilen bilgiye g\u00f6re kent merkezinden Adana istikametine seyir halindeki Mehmet K. (46) idaresindeki 46 TP 259 plakal\u0131 otomobil, ya\u011f\u0131\u015f nedeniyle kayganla\u015fan yolda direksiyon hakimiyetini kaybederek \u00f6nce ref\u00fcje sonra, ayd\u0131nlatma dire\u011fine \u00e7arpt\u0131.<\/p>\n"},"alt_text":"","media_type":"image","mime_type":"image\/jpeg","media_details":{"width":590,"height":370,"file":"\/kahramanmarasta-feci-kaza-ikiye-bolundu-1.jpg","sizes":{"thumbnail":{"file":"kahramanmarasta-feci-kaza-ikiye-bolundu-1-150x150.jpg","width":150,"height":150,"mime_type":"image\/jpeg","source_url":"https:\/\/safirdemo.com\/neva\/wp-content\/uploads\/\/kahramanmarasta-feci-kaza-ikiye-bolundu-1-150x150.jpg"},"medium":{"file":"kahramanmarasta-feci-kaza-ikiye-bolundu-1-300x188.jpg","width":300,"height":188,"mime_type":"image\/jpeg","source_url":"https:\/\/safirdemo.com\/neva\/wp-content\/uploads\/\/kahramanmarasta-feci-kaza-ikiye-bolundu-1-300x188.jpg"},"safirMiddle":{"file":"kahramanmarasta-feci-kaza-ikiye-bolundu-1-400x240.jpg","width":400,"height":240,"mime_type":"image\/jpeg","source_url":"https:\/\/safirdemo.com\/neva\/wp-content\/uploads\/\/kahramanmarasta-feci-kaza-ikiye-bolundu-1-400x240.jpg"},"full":{"file":"kahramanmarasta-feci-kaza-ikiye-bolundu-1.jpg","width":590,"height":370,"mime_type":"image\/jpeg","source_url":"https:\/\/safirdemo.com\/neva\/wp-content\/uploads\/\/kahramanmarasta-feci-kaza-ikiye-bolundu-1.jpg"}},"image_meta":{"aperture":"0","credit":"","camera":"","caption":"","created_timestamp":"0","copyright":"\u0130HLAS HABER AJANSI, www.iha.com.tr","focal_length":"0","iso":"0","shutter_speed":"0","title":"","orientation":"0","keywords":[]}},"post":339,"source_url":"https:\/\/safirdemo.com\/neva\/wp-content\/uploads\/\/kahramanmarasta-feci-kaza-ikiye-bolundu-1.jpg","_links":{"self":[{"href":"https:\/\/safirdemo.com\/neva\/wp-json\/wp\/v2\/media\/342","targetHints":{"allow":["GET"]}}],"collection":[{"href":"https:\/\/safirdemo.com\/neva\/wp-json\/wp\/v2\/media"}],"about":[{"href":"https:\/\/safirdemo.com\/neva\/wp-json\/wp\/v2\/types\/attachment"}],"author":[{"embeddable":true,"href":"https:\/\/safirdemo.com\/neva\/wp-json\/wp\/v2\/users\/1"}],"replies":[{"embeddable":true,"href":"https:\/\/safirdemo.com\/neva\/wp-json\/wp\/v2\/comments?post=342"}],"wp:attached-to":[{"embeddable":true,"post_type":"post","id":339,"href":"https:\/\/safirdemo.com\/neva\/wp-json\/wp\/v2\/posts\/339"}],"curies":[{"name":"wp","href":"https:\/\/api.w.org\/{rel}","templated":true}]}}