{"id":458,"date":"2026-01-01T16:27:18","date_gmt":"2019-02-01T13:27:18","guid":{"rendered":"http:\/\/demo.safirtema.com\/neva\/wp-content\/uploads\/2019\/02\/musluman-degilim-ama-namaz-kiliyorum-diyen-ivana-sert-tesetture-girdi-0.jpg"},"modified":"2026-01-01T16:27:18","modified_gmt":"2026-01-01T13:27:18","slug":"musluman-degilim-ama-namaz-kiliyorum-diyen-ivana-sert-tesetture-girdi-3","status":"inherit","type":"attachment","link":"https:\/\/safirdemo.com\/neva\/ivana-sert-tesetture-girdi\/musluman-degilim-ama-namaz-kiliyorum-diyen-ivana-sert-tesetture-girdi-3\/","title":{"rendered":"M\u00fcsl\u00fcman de\u011filim ama namaz k\u0131l\u0131yorum diyen Ivana Sert tesett\u00fcre girdi"},"author":1,"featured_media":0,"comment_status":"open","ping_status":"closed","template":"","meta":[],"class_list":["post-458","attachment","type-attachment","status-inherit","hentry"],"description":{"rendered":"<p class=\"attachment\"><a href='https:\/\/safirdemo.com\/neva\/wp-content\/uploads\/\/musluman-degilim-ama-namaz-kiliyorum-diyen-ivana-sert-tesetture-girdi-0.jpg'><img loading=\"lazy\" decoding=\"async\" width=\"263\" height=\"300\" src=\"https:\/\/safirdemo.com\/neva\/wp-content\/uploads\/\/musluman-degilim-ama-namaz-kiliyorum-diyen-ivana-sert-tesetture-girdi-0-263x300.jpg\" class=\"attachment-medium size-medium\" alt=\"\" srcset=\"https:\/\/safirdemo.com\/neva\/wp-content\/uploads\/\/musluman-degilim-ama-namaz-kiliyorum-diyen-ivana-sert-tesetture-girdi-0-263x300.jpg 263w, https:\/\/safirdemo.com\/neva\/wp-content\/uploads\/\/musluman-degilim-ama-namaz-kiliyorum-diyen-ivana-sert-tesetture-girdi-0.jpg 475w\" sizes=\"auto, (max-width: 263px) 100vw, 263px\" \/><\/a><\/p>\n<p>T\u00fcrkiye&#8217;nin ad\u0131nan en \u00e7ok s\u00f6z ettiren sunucu, stilist ve moda tasar\u0131mc\u0131s\u0131 Ivana Sert, g\u00fcndemden bir t\u00fcrl\u00fc d\u00fc\u015fm\u00fcyor. Sosyal medya hesab\u0131ndan payla\u015ft\u0131\u011f\u0131 cesur pozlarla ad\u0131nan s\u0131kl\u0131kla s\u00f6z ettiren S\u0131rp as\u0131ll\u0131 Ivana Sert, bu sefer bir gelinlik markas\u0131n\u0131n tesett\u00fcrl\u00fc modelini tan\u0131tmak i\u00e7in kameralar\u0131n kar\u015f\u0131s\u0131na ge\u00e7ti. Sert&#8217;in tesett\u00fcrl\u00fc hali kimi kesim taraf\u0131ndan be\u011fenilse de genellikle olumsuz tepkiler geldi.<\/p>\n"},"caption":{"rendered":"<p>T\u00fcrkiye&#8217;nin ad\u0131nan en \u00e7ok s\u00f6z ettiren sunucu, stilist ve moda tasar\u0131mc\u0131s\u0131 Ivana Sert, g\u00fcndemden bir t\u00fcrl\u00fc d\u00fc\u015fm\u00fcyor. Sosyal medya hesab\u0131ndan payla\u015ft\u0131\u011f\u0131 cesur pozlarla ad\u0131nan s\u0131kl\u0131kla s\u00f6z ettiren S\u0131rp as\u0131ll\u0131 Ivana Sert, bu sefer bir gelinlik markas\u0131n\u0131n tesett\u00fcrl\u00fc modelini tan\u0131tmak i\u00e7in kameralar\u0131n kar\u015f\u0131s\u0131na ge\u00e7ti. Sert&#8217;in tesett\u00fcrl\u00fc hali kimi kesim taraf\u0131ndan be\u011fenilse de genellikle olumsuz tepkiler geldi.<\/p>\n"},"alt_text":"","media_type":"image","mime_type":"image\/jpeg","media_details":{"width":475,"height":542,"file":"\/musluman-degilim-ama-namaz-kiliyorum-diyen-ivana-sert-tesetture-girdi-0.jpg","sizes":{"thumbnail":{"file":"musluman-degilim-ama-namaz-kiliyorum-diyen-ivana-sert-tesetture-girdi-0-150x150.jpg","width":150,"height":150,"mime_type":"image\/png","source_url":"https:\/\/safirdemo.com\/neva\/wp-content\/uploads\/\/musluman-degilim-ama-namaz-kiliyorum-diyen-ivana-sert-tesetture-girdi-0-150x150.jpg"},"medium":{"file":"musluman-degilim-ama-namaz-kiliyorum-diyen-ivana-sert-tesetture-girdi-0-263x300.jpg","width":263,"height":300,"mime_type":"image\/png","source_url":"https:\/\/safirdemo.com\/neva\/wp-content\/uploads\/\/musluman-degilim-ama-namaz-kiliyorum-diyen-ivana-sert-tesetture-girdi-0-263x300.jpg"},"safirWide":{"file":"musluman-degilim-ama-namaz-kiliyorum-diyen-ivana-sert-tesetture-girdi-0-475x420.jpg","width":475,"height":420,"mime_type":"image\/png","source_url":"https:\/\/safirdemo.com\/neva\/wp-content\/uploads\/\/musluman-degilim-ama-namaz-kiliyorum-diyen-ivana-sert-tesetture-girdi-0-475x420.jpg"},"safirMiddle":{"file":"musluman-degilim-ama-namaz-kiliyorum-diyen-ivana-sert-tesetture-girdi-0-400x240.jpg","width":400,"height":240,"mime_type":"image\/png","source_url":"https:\/\/safirdemo.com\/neva\/wp-content\/uploads\/\/musluman-degilim-ama-namaz-kiliyorum-diyen-ivana-sert-tesetture-girdi-0-400x240.jpg"},"full":{"file":"musluman-degilim-ama-namaz-kiliyorum-diyen-ivana-sert-tesetture-girdi-0.jpg","width":475,"height":542,"mime_type":"image\/jpeg","source_url":"https:\/\/safirdemo.com\/neva\/wp-content\/uploads\/\/musluman-degilim-ama-namaz-kiliyorum-diyen-ivana-sert-tesetture-girdi-0.jpg"}},"image_meta":{"aperture":"0","credit":"","camera":"","caption":"","created_timestamp":"0","copyright":"","focal_length":"0","iso":"0","shutter_speed":"0","title":"","orientation":"0","keywords":[]}},"post":456,"source_url":"https:\/\/safirdemo.com\/neva\/wp-content\/uploads\/\/musluman-degilim-ama-namaz-kiliyorum-diyen-ivana-sert-tesetture-girdi-0.jpg","_links":{"self":[{"href":"https:\/\/safirdemo.com\/neva\/wp-json\/wp\/v2\/media\/458","targetHints":{"allow":["GET"]}}],"collection":[{"href":"https:\/\/safirdemo.com\/neva\/wp-json\/wp\/v2\/media"}],"about":[{"href":"https:\/\/safirdemo.com\/neva\/wp-json\/wp\/v2\/types\/attachment"}],"author":[{"embeddable":true,"href":"https:\/\/safirdemo.com\/neva\/wp-json\/wp\/v2\/users\/1"}],"replies":[{"embeddable":true,"href":"https:\/\/safirdemo.com\/neva\/wp-json\/wp\/v2\/comments?post=458"}],"wp:attached-to":[{"embeddable":true,"post_type":"post","id":456,"href":"https:\/\/safirdemo.com\/neva\/wp-json\/wp\/v2\/posts\/456"}],"curies":[{"name":"wp","href":"https:\/\/api.w.org\/{rel}","templated":true}]}}