{"id":459,"date":"2026-01-01T16:27:18","date_gmt":"2019-02-01T13:27:18","guid":{"rendered":"http:\/\/demo.safirtema.com\/neva\/wp-content\/uploads\/2019\/02\/musluman-degilim-ama-namaz-kiliyorum-diyen-ivana-sert-tesetture-girdi-1.jpg"},"modified":"2026-01-01T16:27:18","modified_gmt":"2026-01-01T13:27:18","slug":"musluman-degilim-ama-namaz-kiliyorum-diyen-ivana-sert-tesetture-girdi-4","status":"inherit","type":"attachment","link":"https:\/\/safirdemo.com\/neva\/ivana-sert-tesetture-girdi\/musluman-degilim-ama-namaz-kiliyorum-diyen-ivana-sert-tesetture-girdi-4\/","title":{"rendered":"M\u00fcsl\u00fcman de\u011filim ama namaz k\u0131l\u0131yorum diyen Ivana Sert tesett\u00fcre girdi"},"author":1,"featured_media":0,"comment_status":"open","ping_status":"closed","template":"","meta":[],"class_list":["post-459","attachment","type-attachment","status-inherit","hentry"],"description":{"rendered":"<p class=\"attachment\"><a href='https:\/\/safirdemo.com\/neva\/wp-content\/uploads\/\/musluman-degilim-ama-namaz-kiliyorum-diyen-ivana-sert-tesetture-girdi-1.jpg'><img loading=\"lazy\" decoding=\"async\" width=\"280\" height=\"300\" src=\"https:\/\/safirdemo.com\/neva\/wp-content\/uploads\/\/musluman-degilim-ama-namaz-kiliyorum-diyen-ivana-sert-tesetture-girdi-1-280x300.jpg\" class=\"attachment-medium size-medium\" alt=\"\" srcset=\"https:\/\/safirdemo.com\/neva\/wp-content\/uploads\/\/musluman-degilim-ama-namaz-kiliyorum-diyen-ivana-sert-tesetture-girdi-1-280x300.jpg 280w, https:\/\/safirdemo.com\/neva\/wp-content\/uploads\/\/musluman-degilim-ama-namaz-kiliyorum-diyen-ivana-sert-tesetture-girdi-1.jpg 525w\" sizes=\"auto, (max-width: 280px) 100vw, 280px\" \/><\/a><\/p>\n<p>Bu g\u00f6r\u00fcnt\u00fclerin ortaya \u00e7\u0131kmas\u0131n\u0131n ard\u0131nan bir anda g\u00fcndeme gelen Ivana Sert, takip\u00e7ileri taraf\u0131ndan be\u011fenildi. Gelen olumsuz tepkilerin nedeni ise, g\u00fcnl\u00fck hayatta \u00e7ok a\u00e7\u0131k giyinen ve sosyal medya hesab\u0131nda s\u00fcrekli bikinili pozlar\u0131n\u0131 payla\u015fan Ivana Sert&#8217;in reklam ama\u00e7l\u0131 tesett\u00fcre girmesiydi.<\/p>\n"},"caption":{"rendered":"<p>Bu g\u00f6r\u00fcnt\u00fclerin ortaya \u00e7\u0131kmas\u0131n\u0131n ard\u0131nan bir anda g\u00fcndeme gelen Ivana Sert, takip\u00e7ileri taraf\u0131ndan be\u011fenildi. Gelen olumsuz tepkilerin nedeni ise, g\u00fcnl\u00fck hayatta \u00e7ok a\u00e7\u0131k giyinen ve sosyal medya hesab\u0131nda s\u00fcrekli bikinili pozlar\u0131n\u0131 payla\u015fan Ivana Sert&#8217;in reklam ama\u00e7l\u0131 tesett\u00fcre girmesiydi.<\/p>\n"},"alt_text":"","media_type":"image","mime_type":"image\/jpeg","media_details":{"width":525,"height":563,"file":"\/musluman-degilim-ama-namaz-kiliyorum-diyen-ivana-sert-tesetture-girdi-1.jpg","sizes":{"thumbnail":{"file":"musluman-degilim-ama-namaz-kiliyorum-diyen-ivana-sert-tesetture-girdi-1-150x150.jpg","width":150,"height":150,"mime_type":"image\/png","source_url":"https:\/\/safirdemo.com\/neva\/wp-content\/uploads\/\/musluman-degilim-ama-namaz-kiliyorum-diyen-ivana-sert-tesetture-girdi-1-150x150.jpg"},"medium":{"file":"musluman-degilim-ama-namaz-kiliyorum-diyen-ivana-sert-tesetture-girdi-1-280x300.jpg","width":280,"height":300,"mime_type":"image\/png","source_url":"https:\/\/safirdemo.com\/neva\/wp-content\/uploads\/\/musluman-degilim-ama-namaz-kiliyorum-diyen-ivana-sert-tesetture-girdi-1-280x300.jpg"},"safirWide":{"file":"musluman-degilim-ama-namaz-kiliyorum-diyen-ivana-sert-tesetture-girdi-1-525x420.jpg","width":525,"height":420,"mime_type":"image\/png","source_url":"https:\/\/safirdemo.com\/neva\/wp-content\/uploads\/\/musluman-degilim-ama-namaz-kiliyorum-diyen-ivana-sert-tesetture-girdi-1-525x420.jpg"},"safirMiddle":{"file":"musluman-degilim-ama-namaz-kiliyorum-diyen-ivana-sert-tesetture-girdi-1-400x240.jpg","width":400,"height":240,"mime_type":"image\/png","source_url":"https:\/\/safirdemo.com\/neva\/wp-content\/uploads\/\/musluman-degilim-ama-namaz-kiliyorum-diyen-ivana-sert-tesetture-girdi-1-400x240.jpg"},"full":{"file":"musluman-degilim-ama-namaz-kiliyorum-diyen-ivana-sert-tesetture-girdi-1.jpg","width":525,"height":563,"mime_type":"image\/jpeg","source_url":"https:\/\/safirdemo.com\/neva\/wp-content\/uploads\/\/musluman-degilim-ama-namaz-kiliyorum-diyen-ivana-sert-tesetture-girdi-1.jpg"}},"image_meta":{"aperture":"0","credit":"","camera":"","caption":"","created_timestamp":"0","copyright":"","focal_length":"0","iso":"0","shutter_speed":"0","title":"","orientation":"0","keywords":[]}},"post":456,"source_url":"https:\/\/safirdemo.com\/neva\/wp-content\/uploads\/\/musluman-degilim-ama-namaz-kiliyorum-diyen-ivana-sert-tesetture-girdi-1.jpg","_links":{"self":[{"href":"https:\/\/safirdemo.com\/neva\/wp-json\/wp\/v2\/media\/459","targetHints":{"allow":["GET"]}}],"collection":[{"href":"https:\/\/safirdemo.com\/neva\/wp-json\/wp\/v2\/media"}],"about":[{"href":"https:\/\/safirdemo.com\/neva\/wp-json\/wp\/v2\/types\/attachment"}],"author":[{"embeddable":true,"href":"https:\/\/safirdemo.com\/neva\/wp-json\/wp\/v2\/users\/1"}],"replies":[{"embeddable":true,"href":"https:\/\/safirdemo.com\/neva\/wp-json\/wp\/v2\/comments?post=459"}],"wp:attached-to":[{"embeddable":true,"post_type":"post","id":456,"href":"https:\/\/safirdemo.com\/neva\/wp-json\/wp\/v2\/posts\/456"}],"curies":[{"name":"wp","href":"https:\/\/api.w.org\/{rel}","templated":true}]}}