{"id":343,"date":"2026-02-14T18:15:45","date_gmt":"2026-02-14T15:15:45","guid":{"rendered":"http:\/\/demo.safirtema.com\/webportalv2\/?attachment_id=343"},"modified":"2026-02-14T18:15:45","modified_gmt":"2026-02-14T15:15:45","slug":"gelistirilmesini-isteyeceginiz-9-araba-teknolojisi-3","status":"inherit","type":"attachment","link":"https:\/\/safirdemo.com\/safirwebportal\/gelistirilmesini-isteyeceginiz-9-araba-teknolojisi\/gelistirilmesini-isteyeceginiz-9-araba-teknolojisi-3\/","title":{"rendered":"Geli\u015ftirilmesini isteyece\u011finiz 9 araba teknolojisi"},"author":1,"featured_media":0,"comment_status":"open","ping_status":"open","template":"","meta":[],"class_list":["post-343","attachment","type-attachment","status-inherit","hentry"],"description":{"rendered":"<p class=\"attachment\"><a href='https:\/\/safirdemo.com\/safirwebportal\/wp-content\/uploads\/gelistirilmesini-isteyeceginiz-9-araba-teknolojisi-2.jpg'><img loading=\"lazy\" decoding=\"async\" width=\"300\" height=\"169\" src=\"https:\/\/safirdemo.com\/safirwebportal\/wp-content\/uploads\/gelistirilmesini-isteyeceginiz-9-araba-teknolojisi-2.jpg\" class=\"attachment-medium size-medium\" alt=\"\" \/><\/a><\/p>\n<p>1. Geli\u015fmi\u015f Hareket Kontrol\u00fc<\/p>\n<p>Geli\u015fmi\u015f kilit ve ses sistemlerine al\u0131\u015f\u0131\u011f\u0131z ancak 2011 y\u0131l\u0131nda Audi arabalar\u0131n i\u015flevlerini daha kolay kontrol edebilece\u011fimiz bir \u00f6zelli\u011fi tan\u0131tt\u0131. MMI touch ara\u00e7 sahiplerine daha \u00f6nce g\u00f6r\u00fclmemi\u015f kolayl\u0131k sa\u011flayabilecek bir sistemdi. Ger\u00e7ekte \u00e7oktan tasarlanm\u0131\u015f olan Audi Multi Media Interface( Audi Multi Medya Aray\u00fcz\u00fc) (MMI) sisteminin geli\u015ftirilmi\u015f haliydi.<br \/>MMI touch\u2019\u0131n en g\u00fczel taraf\u0131 s\u00fcr\u00fcc\u00fclere harfleri \u00e7izerek yazma \u00f6zg\u00fcrl\u00fc\u011f\u00fc tan\u0131mas\u0131yd\u0131. Farkl\u0131 dillerle de desteklenen bu teknoloji dinleyecekleri par\u00e7ay\u0131 kolayca se\u00e7ebilecek, navigasyonu daha h\u0131zl\u0131 kullanabilecek ve \u00e7ok daha rahat telefon konu\u015fmas\u0131 yapabilecek s\u00fcr\u00fcc\u00fcler i\u00e7in vazge\u00e7ilmez bir teknoloji olacakt\u0131. \u00c7ok yak\u0131n bir zaman da Mercedes-Benz de kendine ait bir Geli\u015fmi\u015f Hareket Kontrol\u00fc sistemi sundu.<\/p>\n"},"caption":{"rendered":"<p>1. Geli\u015fmi\u015f Hareket Kontrol\u00fc Geli\u015fmi\u015f kilit ve ses sistemlerine al\u0131\u015f\u0131\u011f\u0131z ancak 2011 y\u0131l\u0131nda Audi arabalar\u0131n i\u015flevlerini daha kolay kontrol edebilece\u011fimiz bir \u00f6zelli\u011fi tan\u0131tt\u0131. MMI touch ara\u00e7 sahiplerine daha \u00f6nce g\u00f6r\u00fclmemi\u015f kolayl\u0131k sa\u011flayabilecek bir sistemdi. Ger\u00e7ekte \u00e7oktan tasarlanm\u0131\u015f olan Audi Multi Media Interface( Audi Multi Medya Aray\u00fcz\u00fc) (MMI) sisteminin geli\u015ftirilmi\u015f haliydi.MMI touch\u2019\u0131n en g\u00fczel taraf\u0131 s\u00fcr\u00fcc\u00fclere [&hellip;]<\/p>\n"},"alt_text":"","media_type":"image","mime_type":"image\/jpeg","media_details":{"width":500,"height":281,"file":"gelistirilmesini-isteyeceginiz-9-araba-teknolojisi-2.jpg","filesize":85986,"sizes":{},"image_meta":{"aperture":"0","credit":"","camera":"","caption":"","created_timestamp":"0","copyright":"","focal_length":"0","iso":"0","shutter_speed":"0","title":"","orientation":"0","keywords":[]}},"post":341,"source_url":"https:\/\/safirdemo.com\/safirwebportal\/wp-content\/uploads\/gelistirilmesini-isteyeceginiz-9-araba-teknolojisi-2.jpg","_links":{"self":[{"href":"https:\/\/safirdemo.com\/safirwebportal\/wp-json\/wp\/v2\/media\/343","targetHints":{"allow":["GET"]}}],"collection":[{"href":"https:\/\/safirdemo.com\/safirwebportal\/wp-json\/wp\/v2\/media"}],"about":[{"href":"https:\/\/safirdemo.com\/safirwebportal\/wp-json\/wp\/v2\/types\/attachment"}],"author":[{"embeddable":true,"href":"https:\/\/safirdemo.com\/safirwebportal\/wp-json\/wp\/v2\/users\/1"}],"replies":[{"embeddable":true,"href":"https:\/\/safirdemo.com\/safirwebportal\/wp-json\/wp\/v2\/comments?post=343"}],"wp:attached-to":[{"embeddable":true,"post_type":"post","id":341,"href":"https:\/\/safirdemo.com\/safirwebportal\/wp-json\/wp\/v2\/posts\/341"}],"curies":[{"name":"wp","href":"https:\/\/api.w.org\/{rel}","templated":true}]}}