{"id":678,"date":"2026-02-14T18:34:21","date_gmt":"2026-02-14T15:34:21","guid":{"rendered":"http:\/\/demo.safirtema.com\/webportalv2\/?attachment_id=678"},"modified":"2026-02-14T18:34:21","modified_gmt":"2026-02-14T15:34:21","slug":"tamer-karadagli-taburcu-oldu-4","status":"inherit","type":"attachment","link":"https:\/\/safirdemo.com\/safirwebportal\/tamer-karadagli-taburcu-oldu\/tamer-karadagli-taburcu-oldu-4\/","title":{"rendered":"Tamer Karada\u011fl\u0131 taburcu oldu"},"author":1,"featured_media":0,"comment_status":"open","ping_status":"open","template":"","meta":[],"class_list":["post-678","attachment","type-attachment","status-inherit","hentry"],"description":{"rendered":"<p class=\"attachment\"><a href='https:\/\/safirdemo.com\/safirwebportal\/wp-content\/uploads\/tamer-karadagli-taburcu-oldu-3.jpg'><img loading=\"lazy\" decoding=\"async\" width=\"200\" height=\"300\" src=\"https:\/\/safirdemo.com\/safirwebportal\/wp-content\/uploads\/tamer-karadagli-taburcu-oldu-3.jpg\" class=\"attachment-medium size-medium\" alt=\"\" \/><\/a><\/p>\n<p>Yola d\u00f6k\u00fclen zeytinya\u011f\u0131n\u0131n kazaya neden oldu\u011funu belirten Tamer Karada\u011fl\u0131, \u201cKaza gazetelerde de yazd\u0131\u011f\u0131 gibi bir ya\u011f birikintisine girdim. \u00d6n teker kay\u0131nca motosikletin hakimiyetini kaybettim. Allah\u2019tan full koruma vard\u0131. Kask\u0131m b\u00fct\u00fcn y\u00fcz\u00fcm\u00fc koruyan \u00e7ok iyi bir kaskt\u0131. Montum korumal\u0131 bir monttu. \u0130lk refleks eller oldu\u011fu i\u00e7in bileklerden k\u0131r\u0131ld\u0131. Bu kadar\u0131na \u015f\u00fck\u00fcr. Ald\u0131\u011f\u0131m\u0131z e\u011fitimlerin ve tecr\u00fcbenin faydas\u0131n\u0131 g\u00f6rd\u00fck\u201d diye konu\u015ftu.<\/p>\n"},"caption":{"rendered":"<p>Yola d\u00f6k\u00fclen zeytinya\u011f\u0131n\u0131n kazaya neden oldu\u011funu belirten Tamer Karada\u011fl\u0131, \u201cKaza gazetelerde de yazd\u0131\u011f\u0131 gibi bir ya\u011f birikintisine girdim. \u00d6n teker kay\u0131nca motosikletin hakimiyetini kaybettim. Allah\u2019tan full koruma vard\u0131. Kask\u0131m b\u00fct\u00fcn y\u00fcz\u00fcm\u00fc koruyan \u00e7ok iyi bir kaskt\u0131. Montum korumal\u0131 bir monttu. \u0130lk refleks eller oldu\u011fu i\u00e7in bileklerden k\u0131r\u0131ld\u0131. Bu kadar\u0131na \u015f\u00fck\u00fcr. Ald\u0131\u011f\u0131m\u0131z e\u011fitimlerin ve tecr\u00fcbenin faydas\u0131n\u0131 [&hellip;]<\/p>\n"},"alt_text":"","media_type":"image","mime_type":"image\/jpeg","media_details":{"width":346,"height":520,"file":"tamer-karadagli-taburcu-oldu-3.jpg","filesize":83996,"sizes":{},"image_meta":{"aperture":"0","credit":"","camera":"","caption":"","created_timestamp":"0","copyright":"","focal_length":"0","iso":"0","shutter_speed":"0","title":"","orientation":"0","keywords":[]}},"post":675,"source_url":"https:\/\/safirdemo.com\/safirwebportal\/wp-content\/uploads\/tamer-karadagli-taburcu-oldu-3.jpg","_links":{"self":[{"href":"https:\/\/safirdemo.com\/safirwebportal\/wp-json\/wp\/v2\/media\/678","targetHints":{"allow":["GET"]}}],"collection":[{"href":"https:\/\/safirdemo.com\/safirwebportal\/wp-json\/wp\/v2\/media"}],"about":[{"href":"https:\/\/safirdemo.com\/safirwebportal\/wp-json\/wp\/v2\/types\/attachment"}],"author":[{"embeddable":true,"href":"https:\/\/safirdemo.com\/safirwebportal\/wp-json\/wp\/v2\/users\/1"}],"replies":[{"embeddable":true,"href":"https:\/\/safirdemo.com\/safirwebportal\/wp-json\/wp\/v2\/comments?post=678"}],"wp:attached-to":[{"embeddable":true,"post_type":"post","id":675,"href":"https:\/\/safirdemo.com\/safirwebportal\/wp-json\/wp\/v2\/posts\/675"}],"curies":[{"name":"wp","href":"https:\/\/api.w.org\/{rel}","templated":true}]}}