{"id":827,"date":"2026-02-14T18:38:15","date_gmt":"2026-02-14T15:38:15","guid":{"rendered":"http:\/\/demo.safirtema.com\/webportalv2\/?attachment_id=827"},"modified":"2026-02-14T18:38:15","modified_gmt":"2026-02-14T15:38:15","slug":"bu-kadin-nasil-olecegine-kendi-karar-verecek-7","status":"inherit","type":"attachment","link":"https:\/\/safirdemo.com\/safirwebportal\/bu-kadin-nasil-olecegine-kendi-karar-verecek\/bu-kadin-nasil-olecegine-kendi-karar-verecek-7\/","title":{"rendered":"Bu kad\u0131n nas\u0131l \u00f6lece\u011fine kendi karar verecek"},"author":1,"featured_media":0,"comment_status":"open","ping_status":"open","template":"","meta":[],"class_list":["post-827","attachment","type-attachment","status-inherit","hentry"],"description":{"rendered":"<p class=\"attachment\"><a href='https:\/\/safirdemo.com\/safirwebportal\/wp-content\/uploads\/bu-kadin-nasil-olecegine-kendi-karar-verecek-6.jpg'><img loading=\"lazy\" decoding=\"async\" width=\"300\" height=\"169\" src=\"https:\/\/safirdemo.com\/safirwebportal\/wp-content\/uploads\/bu-kadin-nasil-olecegine-kendi-karar-verecek-6.jpg\" class=\"attachment-medium size-medium\" alt=\"\" \/><\/a><\/p>\n<p>Annesi Brittany\u2019nin hayat dolu oldu\u011funu, akl\u0131na koydu\u011fu her \u015feyi yapt\u0131\u011f\u0131n\u0131, korkusuz bir hayat ge\u00e7irdi\u011fini s\u00f6yl\u00fcyor. Maraton ko\u015fan Brittany, hayat\u0131n\u0131n bir y\u0131l\u0131n\u0131 G\u00fcneydo\u011fu Asya\u2019da gezerek ge\u00e7irmi\u015f ve bir ara Afrika\u2019n\u0131n en y\u00fcksek da\u011f\u0131 olan Kilimanjiro\u2019ya bile t\u0131rmanm\u0131\u015f. Belki de onu tan\u0131yanlar bu y\u00fczden, \u00f6l\u00fcmle de ayn\u0131 cesaretle y\u00fczle\u015fmeye karar vermesine \u015fa\u015f\u0131rmam\u0131\u015f.<\/p>\n"},"caption":{"rendered":"<p>Annesi Brittany\u2019nin hayat dolu oldu\u011funu, akl\u0131na koydu\u011fu her \u015feyi yapt\u0131\u011f\u0131n\u0131, korkusuz bir hayat ge\u00e7irdi\u011fini s\u00f6yl\u00fcyor. Maraton ko\u015fan Brittany, hayat\u0131n\u0131n bir y\u0131l\u0131n\u0131 G\u00fcneydo\u011fu Asya\u2019da gezerek ge\u00e7irmi\u015f ve bir ara Afrika\u2019n\u0131n en y\u00fcksek da\u011f\u0131 olan Kilimanjiro\u2019ya bile t\u0131rmanm\u0131\u015f. Belki de onu tan\u0131yanlar bu y\u00fczden, \u00f6l\u00fcmle de ayn\u0131 cesaretle y\u00fczle\u015fmeye karar vermesine \u015fa\u015f\u0131rmam\u0131\u015f.<\/p>\n"},"alt_text":"","media_type":"image","mime_type":"image\/jpeg","media_details":{"width":600,"height":338,"file":"bu-kadin-nasil-olecegine-kendi-karar-verecek-6.jpg","filesize":116849,"sizes":{},"image_meta":{"aperture":"0","credit":"","camera":"","caption":"","created_timestamp":"0","copyright":"","focal_length":"0","iso":"0","shutter_speed":"0","title":"","orientation":"0","keywords":[]}},"post":821,"source_url":"https:\/\/safirdemo.com\/safirwebportal\/wp-content\/uploads\/bu-kadin-nasil-olecegine-kendi-karar-verecek-6.jpg","_links":{"self":[{"href":"https:\/\/safirdemo.com\/safirwebportal\/wp-json\/wp\/v2\/media\/827","targetHints":{"allow":["GET"]}}],"collection":[{"href":"https:\/\/safirdemo.com\/safirwebportal\/wp-json\/wp\/v2\/media"}],"about":[{"href":"https:\/\/safirdemo.com\/safirwebportal\/wp-json\/wp\/v2\/types\/attachment"}],"author":[{"embeddable":true,"href":"https:\/\/safirdemo.com\/safirwebportal\/wp-json\/wp\/v2\/users\/1"}],"replies":[{"embeddable":true,"href":"https:\/\/safirdemo.com\/safirwebportal\/wp-json\/wp\/v2\/comments?post=827"}],"wp:attached-to":[{"embeddable":true,"post_type":"post","id":821,"href":"https:\/\/safirdemo.com\/safirwebportal\/wp-json\/wp\/v2\/posts\/821"}],"curies":[{"name":"wp","href":"https:\/\/api.w.org\/{rel}","templated":true}]}}