{"id":828,"date":"2026-02-14T18:38:16","date_gmt":"2026-02-14T15:38:16","guid":{"rendered":"http:\/\/demo.safirtema.com\/webportalv2\/?attachment_id=828"},"modified":"2026-02-14T18:38:16","modified_gmt":"2026-02-14T15:38:16","slug":"bu-kadin-nasil-olecegine-kendi-karar-verecek-8","status":"inherit","type":"attachment","link":"https:\/\/safirdemo.com\/safirwebportal\/bu-kadin-nasil-olecegine-kendi-karar-verecek\/bu-kadin-nasil-olecegine-kendi-karar-verecek-8\/","title":{"rendered":"Bu kad\u0131n nas\u0131l \u00f6lece\u011fine kendi karar verecek"},"author":1,"featured_media":0,"comment_status":"open","ping_status":"open","template":"","meta":[],"class_list":["post-828","attachment","type-attachment","status-inherit","hentry"],"description":{"rendered":"<p class=\"attachment\"><a href='https:\/\/safirdemo.com\/safirwebportal\/wp-content\/uploads\/bu-kadin-nasil-olecegine-kendi-karar-verecek-7.jpg'><img loading=\"lazy\" decoding=\"async\" width=\"300\" height=\"165\" src=\"https:\/\/safirdemo.com\/safirwebportal\/wp-content\/uploads\/bu-kadin-nasil-olecegine-kendi-karar-verecek-7.jpg\" class=\"attachment-medium size-medium\" alt=\"\" \/><\/a><\/p>\n<p>2012 Eyl\u00fcl\u00fcnde evlendi\u011fi e\u015fi Dan, Brittany\u2019nin karar\u0131n\u0131 kabullenmi\u015f. \u201cAc\u0131 \u00e7ekmek ve \u2018art\u0131k yeter\u2019 diyece\u011finiz noktaya gelmek se\u00e7eneklerini d\u00fc\u015f\u00fcn\u00fcnce\u2026 Onurunla \u00f6lme fikri i\u00e7imin daha rahat olmas\u0131n\u0131 sa\u011fl\u0131yor. E\u011fer zaman\u0131n\u0131n geldi\u011fini d\u00fc\u015f\u00fcn\u00fcrsek, ya da e\u015fim b\u00f6yle d\u00fc\u015f\u00fcn\u00fcrse \u2018Tamam, b\u00f6yle de bir se\u00e7enek var\u2019 diyebilece\u011fiz.\u201d<\/p>\n"},"caption":{"rendered":"<p>2012 Eyl\u00fcl\u00fcnde evlendi\u011fi e\u015fi Dan, Brittany\u2019nin karar\u0131n\u0131 kabullenmi\u015f. \u201cAc\u0131 \u00e7ekmek ve \u2018art\u0131k yeter\u2019 diyece\u011finiz noktaya gelmek se\u00e7eneklerini d\u00fc\u015f\u00fcn\u00fcnce\u2026 Onurunla \u00f6lme fikri i\u00e7imin daha rahat olmas\u0131n\u0131 sa\u011fl\u0131yor. E\u011fer zaman\u0131n\u0131n geldi\u011fini d\u00fc\u015f\u00fcn\u00fcrsek, ya da e\u015fim b\u00f6yle d\u00fc\u015f\u00fcn\u00fcrse \u2018Tamam, b\u00f6yle de bir se\u00e7enek var\u2019 diyebilece\u011fiz.\u201d<\/p>\n"},"alt_text":"","media_type":"image","mime_type":"image\/jpeg","media_details":{"width":600,"height":330,"file":"bu-kadin-nasil-olecegine-kendi-karar-verecek-7.jpg","filesize":56575,"sizes":{},"image_meta":{"aperture":"0","credit":"","camera":"","caption":"","created_timestamp":"0","copyright":"","focal_length":"0","iso":"0","shutter_speed":"0","title":"","orientation":"0","keywords":[]}},"post":821,"source_url":"https:\/\/safirdemo.com\/safirwebportal\/wp-content\/uploads\/bu-kadin-nasil-olecegine-kendi-karar-verecek-7.jpg","_links":{"self":[{"href":"https:\/\/safirdemo.com\/safirwebportal\/wp-json\/wp\/v2\/media\/828","targetHints":{"allow":["GET"]}}],"collection":[{"href":"https:\/\/safirdemo.com\/safirwebportal\/wp-json\/wp\/v2\/media"}],"about":[{"href":"https:\/\/safirdemo.com\/safirwebportal\/wp-json\/wp\/v2\/types\/attachment"}],"author":[{"embeddable":true,"href":"https:\/\/safirdemo.com\/safirwebportal\/wp-json\/wp\/v2\/users\/1"}],"replies":[{"embeddable":true,"href":"https:\/\/safirdemo.com\/safirwebportal\/wp-json\/wp\/v2\/comments?post=828"}],"wp:attached-to":[{"embeddable":true,"post_type":"post","id":821,"href":"https:\/\/safirdemo.com\/safirwebportal\/wp-json\/wp\/v2\/posts\/821"}],"curies":[{"name":"wp","href":"https:\/\/api.w.org\/{rel}","templated":true}]}}