{"id":829,"date":"2026-02-14T18:38:17","date_gmt":"2026-02-14T15:38:17","guid":{"rendered":"http:\/\/demo.safirtema.com\/webportalv2\/?attachment_id=829"},"modified":"2026-02-14T18:38:17","modified_gmt":"2026-02-14T15:38:17","slug":"bu-kadin-nasil-olecegine-kendi-karar-verecek-9","status":"inherit","type":"attachment","link":"https:\/\/safirdemo.com\/safirwebportal\/bu-kadin-nasil-olecegine-kendi-karar-verecek\/bu-kadin-nasil-olecegine-kendi-karar-verecek-9\/","title":{"rendered":"Bu kad\u0131n nas\u0131l \u00f6lece\u011fine kendi karar verecek"},"author":1,"featured_media":0,"comment_status":"open","ping_status":"open","template":"","meta":[],"class_list":["post-829","attachment","type-attachment","status-inherit","hentry"],"description":{"rendered":"<p class=\"attachment\"><a href='https:\/\/safirdemo.com\/safirwebportal\/wp-content\/uploads\/bu-kadin-nasil-olecegine-kendi-karar-verecek-8.jpg'><img loading=\"lazy\" decoding=\"async\" width=\"300\" height=\"198\" src=\"https:\/\/safirdemo.com\/safirwebportal\/wp-content\/uploads\/bu-kadin-nasil-olecegine-kendi-karar-verecek-8.jpg\" class=\"attachment-medium size-medium\" alt=\"\" \/><\/a><\/p>\n<p>Brittany neden \u00f6tenaziyi se\u00e7ti\u011fini \u015f\u00f6yle anlat\u0131yor: \u201cKendi yata\u011f\u0131mda, ba\u015fucumda sevdi\u011fim insanlarla \u00f6lmek istiyorum. Yan\u0131mda kocam, annem, \u00fcvey babam ve en yak\u0131n arkada\u015f\u0131m olacak. Arka planda sevdi\u011fim bir \u015fark\u0131 \u00e7alacak. Bana atfedilen ve t\u00fcm\u00f6r\u00fcm y\u00fcz\u00fcnden ya\u015fayabilece\u011fim \u00f6l\u00fcmdense, kendi se\u00e7ti\u011fim \u00f6l\u00fcm\u00fc ya\u015faman\u0131n verece\u011fi rahatl\u0131\u011f\u0131 size tarif bile edemem.\u201d<\/p>\n"},"caption":{"rendered":"<p>Brittany neden \u00f6tenaziyi se\u00e7ti\u011fini \u015f\u00f6yle anlat\u0131yor: \u201cKendi yata\u011f\u0131mda, ba\u015fucumda sevdi\u011fim insanlarla \u00f6lmek istiyorum. Yan\u0131mda kocam, annem, \u00fcvey babam ve en yak\u0131n arkada\u015f\u0131m olacak. Arka planda sevdi\u011fim bir \u015fark\u0131 \u00e7alacak. Bana atfedilen ve t\u00fcm\u00f6r\u00fcm y\u00fcz\u00fcnden ya\u015fayabilece\u011fim \u00f6l\u00fcmdense, kendi se\u00e7ti\u011fim \u00f6l\u00fcm\u00fc ya\u015faman\u0131n verece\u011fi rahatl\u0131\u011f\u0131 size tarif bile edemem.\u201d<\/p>\n"},"alt_text":"","media_type":"image","mime_type":"image\/jpeg","media_details":{"width":600,"height":396,"file":"bu-kadin-nasil-olecegine-kendi-karar-verecek-8.jpg","filesize":187386,"sizes":{},"image_meta":{"aperture":"0","credit":"","camera":"","caption":"","created_timestamp":"0","copyright":"","focal_length":"0","iso":"0","shutter_speed":"0","title":"","orientation":"0","keywords":[]}},"post":821,"source_url":"https:\/\/safirdemo.com\/safirwebportal\/wp-content\/uploads\/bu-kadin-nasil-olecegine-kendi-karar-verecek-8.jpg","_links":{"self":[{"href":"https:\/\/safirdemo.com\/safirwebportal\/wp-json\/wp\/v2\/media\/829","targetHints":{"allow":["GET"]}}],"collection":[{"href":"https:\/\/safirdemo.com\/safirwebportal\/wp-json\/wp\/v2\/media"}],"about":[{"href":"https:\/\/safirdemo.com\/safirwebportal\/wp-json\/wp\/v2\/types\/attachment"}],"author":[{"embeddable":true,"href":"https:\/\/safirdemo.com\/safirwebportal\/wp-json\/wp\/v2\/users\/1"}],"replies":[{"embeddable":true,"href":"https:\/\/safirdemo.com\/safirwebportal\/wp-json\/wp\/v2\/comments?post=829"}],"wp:attached-to":[{"embeddable":true,"post_type":"post","id":821,"href":"https:\/\/safirdemo.com\/safirwebportal\/wp-json\/wp\/v2\/posts\/821"}],"curies":[{"name":"wp","href":"https:\/\/api.w.org\/{rel}","templated":true}]}}