{"id":831,"date":"2026-02-14T18:38:19","date_gmt":"2026-02-14T15:38:19","guid":{"rendered":"http:\/\/demo.safirtema.com\/webportalv2\/?attachment_id=831"},"modified":"2026-02-14T18:38:19","modified_gmt":"2026-02-14T15:38:19","slug":"bu-kadin-nasil-olecegine-kendi-karar-verecek-11","status":"inherit","type":"attachment","link":"https:\/\/safirdemo.com\/safirwebportal\/bu-kadin-nasil-olecegine-kendi-karar-verecek\/bu-kadin-nasil-olecegine-kendi-karar-verecek-11\/","title":{"rendered":"Bu kad\u0131n nas\u0131l \u00f6lece\u011fine kendi karar verecek"},"author":1,"featured_media":0,"comment_status":"open","ping_status":"open","template":"","meta":[],"class_list":["post-831","attachment","type-attachment","status-inherit","hentry"],"description":{"rendered":"<p class=\"attachment\"><a href='https:\/\/safirdemo.com\/safirwebportal\/wp-content\/uploads\/bu-kadin-nasil-olecegine-kendi-karar-verecek-10.jpg'><img loading=\"lazy\" decoding=\"async\" width=\"300\" height=\"300\" src=\"https:\/\/safirdemo.com\/safirwebportal\/wp-content\/uploads\/bu-kadin-nasil-olecegine-kendi-karar-verecek-10.jpg\" class=\"attachment-medium size-medium\" alt=\"\" \/><\/a><\/p>\n<p>Brittany bunun kesinlikle bir intihar olmad\u0131\u011f\u0131n\u0131n alt\u0131n\u0131 \u00e7iziyor. People dergisine konu\u015fan Brittany, \u201cV\u00fccudumda intihara meyilli ya da \u00f6lmek isteyen tek bir h\u00fccre dahi yok. Ya\u015famak istiyorum. Ke\u015fke hastal\u0131\u011f\u0131m\u0131n bir \u00e7aresi olsayd\u0131 ama yok. Onurumla \u00f6lme se\u00e7ene\u011fine sahip olmak beni \u00e7ok daha az korkutuyor\u201d diyor.<\/p>\n"},"caption":{"rendered":"<p>Brittany bunun kesinlikle bir intihar olmad\u0131\u011f\u0131n\u0131n alt\u0131n\u0131 \u00e7iziyor. People dergisine konu\u015fan Brittany, \u201cV\u00fccudumda intihara meyilli ya da \u00f6lmek isteyen tek bir h\u00fccre dahi yok. Ya\u015famak istiyorum. Ke\u015fke hastal\u0131\u011f\u0131m\u0131n bir \u00e7aresi olsayd\u0131 ama yok. Onurumla \u00f6lme se\u00e7ene\u011fine sahip olmak beni \u00e7ok daha az korkutuyor\u201d diyor.<\/p>\n"},"alt_text":"","media_type":"image","mime_type":"image\/jpeg","media_details":{"width":600,"height":600,"file":"bu-kadin-nasil-olecegine-kendi-karar-verecek-10.jpg","filesize":166572,"sizes":{},"image_meta":{"aperture":"0","credit":"","camera":"","caption":"","created_timestamp":"0","copyright":"","focal_length":"0","iso":"0","shutter_speed":"0","title":"","orientation":"0","keywords":[]}},"post":821,"source_url":"https:\/\/safirdemo.com\/safirwebportal\/wp-content\/uploads\/bu-kadin-nasil-olecegine-kendi-karar-verecek-10.jpg","_links":{"self":[{"href":"https:\/\/safirdemo.com\/safirwebportal\/wp-json\/wp\/v2\/media\/831","targetHints":{"allow":["GET"]}}],"collection":[{"href":"https:\/\/safirdemo.com\/safirwebportal\/wp-json\/wp\/v2\/media"}],"about":[{"href":"https:\/\/safirdemo.com\/safirwebportal\/wp-json\/wp\/v2\/types\/attachment"}],"author":[{"embeddable":true,"href":"https:\/\/safirdemo.com\/safirwebportal\/wp-json\/wp\/v2\/users\/1"}],"replies":[{"embeddable":true,"href":"https:\/\/safirdemo.com\/safirwebportal\/wp-json\/wp\/v2\/comments?post=831"}],"wp:attached-to":[{"embeddable":true,"post_type":"post","id":821,"href":"https:\/\/safirdemo.com\/safirwebportal\/wp-json\/wp\/v2\/posts\/821"}],"curies":[{"name":"wp","href":"https:\/\/api.w.org\/{rel}","templated":true}]}}