{"id":3510,"date":"2026-02-07T10:09:04","date_gmt":"2024-05-07T08:09:04","guid":{"rendered":"https:\/\/safirdemo.com\/yaren\/?attachment_id=3510"},"modified":"2026-02-07T10:13:52","modified_gmt":"2026-02-07T08:13:52","slug":"bulutlardaki-sira-disi-mesaj-arastirmacilari-saskina-cevirdi-aciklamali-galeri-0-ftxtnjqb-jpeg","status":"inherit","type":"attachment","link":"https:\/\/safirdemo.com\/yaren\/bulutlardaki-sira-disi-mesaj-arastirmacilari-saskina-cevirdi\/bulutlardaki-sira-disi-mesaj-arastirmacilari-saskina-cevirdi-aciklamali-galeri-0-ftxtnjqb-jpeg\/","title":{"rendered":"NOAA \u0130ncelemesini Tamamlad\u0131"},"author":0,"featured_media":0,"comment_status":"open","ping_status":"closed","template":"","meta":[],"class_list":["post-3510","attachment","type-attachment","status-inherit","hentry"],"description":{"rendered":"<p class=\"attachment\"><a href='https:\/\/safirdemo.com\/yaren\/wp-content\/uploads\/bulutlardaki-sira-disi-mesaj-arastirmacilari-saskina-cevirdi-aciklamali-galeri-0-FtXtnJqB.jpeg'><img loading=\"lazy\" decoding=\"async\" width=\"300\" height=\"218\" src=\"https:\/\/safirdemo.com\/yaren\/wp-content\/uploads\/bulutlardaki-sira-disi-mesaj-arastirmacilari-saskina-cevirdi-aciklamali-galeri-0-FtXtnJqB.jpeg\" class=\"attachment-medium size-medium\" alt=\"\" \/><\/a><\/p>\n<p>ABD Ulusal Okyanus ve Atmosfer \u0130daresi\u2019nden (NOAA) ara\u015ft\u0131rmac\u0131lar uydu g\u00f6r\u00fcnt\u00fclerini incelerken \u015fa\u015f\u0131rt\u0131c\u0131 bir manzarayla kar\u015f\u0131la\u015ft\u0131. Uzaydan \u00e7ekilen foto\u011fraflarda \u015eili k\u0131y\u0131lar\u0131n\u0131n \u00fczerindeki bulutlarda \u201cGo\u201d kelimesinin yazd\u0131\u011f\u0131 g\u00f6r\u00fcld\u00fc. Baz\u0131 Twitter kullan\u0131c\u0131lar\u0131, bulutlardaki bu yaz\u0131y\u0131 bir \u201cmesaj\u201d diye nitelendirdi.<\/p>\n"},"caption":{"rendered":"<p>ABD Ulusal Okyanus ve Atmosfer \u0130daresi\u2019nden (NOAA) ara\u015ft\u0131rmac\u0131lar uydu g\u00f6r\u00fcnt\u00fclerini incelerken \u015fa\u015f\u0131rt\u0131c\u0131 bir manzarayla kar\u015f\u0131la\u015ft\u0131. Uzaydan \u00e7ekilen foto\u011fraflarda \u015eili k\u0131y\u0131lar\u0131n\u0131n \u00fczerindeki bulutlarda \u201cGo\u201d kelimesinin yazd\u0131\u011f\u0131 g\u00f6r\u00fcld\u00fc. Baz\u0131 Twitter kullan\u0131c\u0131lar\u0131, bulutlardaki bu yaz\u0131y\u0131 bir \u201cmesaj\u201d diye nitelendirdi.<\/p>\n"},"alt_text":"","media_type":"image","mime_type":"image\/jpeg","media_details":{"width":1600,"height":1163,"file":"bulutlardaki-sira-disi-mesaj-arastirmacilari-saskina-cevirdi-aciklamali-galeri-0-FtXtnJqB.jpeg","filesize":378621,"sizes":{},"image_meta":{"aperture":"0","credit":"","camera":"","caption":"","created_timestamp":"0","copyright":"","focal_length":"0","iso":"0","shutter_speed":"0","title":"","orientation":"1","keywords":[]}},"post":3508,"source_url":"https:\/\/safirdemo.com\/yaren\/wp-content\/uploads\/bulutlardaki-sira-disi-mesaj-arastirmacilari-saskina-cevirdi-aciklamali-galeri-0-FtXtnJqB.jpeg","_links":{"self":[{"href":"https:\/\/safirdemo.com\/yaren\/wp-json\/wp\/v2\/media\/3510","targetHints":{"allow":["GET"]}}],"collection":[{"href":"https:\/\/safirdemo.com\/yaren\/wp-json\/wp\/v2\/media"}],"about":[{"href":"https:\/\/safirdemo.com\/yaren\/wp-json\/wp\/v2\/types\/attachment"}],"replies":[{"embeddable":true,"href":"https:\/\/safirdemo.com\/yaren\/wp-json\/wp\/v2\/comments?post=3510"}],"wp:attached-to":[{"embeddable":true,"post_type":"post","id":3508,"href":"https:\/\/safirdemo.com\/yaren\/wp-json\/wp\/v2\/posts\/3508"}],"curies":[{"name":"wp","href":"https:\/\/api.w.org\/{rel}","templated":true}]}}